{"id":5458,"date":"2020-11-14T18:42:52","date_gmt":"2020-11-14T16:42:52","guid":{"rendered":"https:\/\/quebriac.fr\/webcommune\/?page_id=5458"},"modified":"2024-09-28T18:18:28","modified_gmt":"2024-09-28T16:18:28","slug":"sivu-anim-6","status":"publish","type":"page","link":"https:\/\/quebriac.fr\/webcommune\/?page_id=5458","title":{"rendered":"Enfance &#8211; Jeunesse"},"content":{"rendered":"<p>SIVU ANIM&rsquo;6<\/p>\n<p>Boulevard Tristan Corbi\u00e8re 35190 Tint\u00e9niac<\/p>\n<p style=\"text-align: justify;\"><span class=\"Style25\"><span class=\"Style32\">En 2005, les communes de H\u00e9d\u00e9, La Baussaine, Saint Domineuc, Saint Thual, Qu\u00e9briac et Tint\u00e9niac ont cr\u00e9\u00e9 un Syndicat Intercommunal \u00e0 Vocation Unique Anim\u20196 Enfance-Jeunesse ayant pour comp\u00e9tences de d\u00e9velopper et coordonner les actions petite enfance, enfance et jeunesse sur les six communes partenaires.<\/span><\/span><\/p>\n<p><img loading=\"lazy\" decoding=\"async\" class=\"size-full wp-image-5164 aligncenter\" src=\"https:\/\/quebriac.fr\/webcommune\/wp-content\/uploads\/2020\/11\/anim6.jpg\" alt=\"\" width=\"800\" height=\"450\" \/><\/p>\n<p style=\"text-align: justify;\"><span class=\"Style25\"><span class=\"Style32\"><strong>SIVU ANIM 6<\/strong><\/span><\/span><\/p>\n<ul style=\"text-align: justify;\">\n<li><span class=\"Style25\"><span class=\"Style32\">T\u00e9l. : 02 99 23 00 59<\/span><\/span><\/li>\n<li>Site : <a href=\"https:\/\/anim6blog.wordpress.com\/espace-jeunes\/\" target=\"_blank\" rel=\"noopener noreferrer\">https:\/\/anim6blog.wordpress.com\/espace-jeunes\/<\/a><\/li>\n<\/ul>\n<p style=\"text-align: justify;\">En 2005, les communes de H\u00e9d\u00e9, La Baussaine, Saint Domineuc, Saint Thual, Qu\u00e9briac et Tint\u00e9niac ont cr\u00e9\u00e9 un Syndicat Intercommunal \u00e0 Vocation Unique Anim\u20196 Enfance-Jeunesse ayant pour comp\u00e9tences de d\u00e9velopper et coordonner les actions petite enfance, enfance et jeunesse sur les six communes partenaires.<\/p>\n<p style=\"text-align: justify;\"><strong>Ses missions :<\/strong><\/p>\n<ul style=\"text-align: justify;\">\n<li>\u00ab Dynamiser la politique enfance-jeunesse en s\u2019appuyant sur les six municipalit\u00e9s, le secteur associatif et les professionnels \u00bb :<\/li>\n<li>R\u00e9aliser une dynamique intercommunale de coop\u00e9ration entre les diff\u00e9rents acteurs \u00e9ducatifs.<\/li>\n<li>Am\u00e9liorer les temps et les lieux de vie des enfants \u00e2g\u00e9s de 0 \u00e0 18 ans.<\/li>\n<li>Promouvoir la vie associative des collectivit\u00e9s adh\u00e9rentes dans les domaines d\u2019accueil et de loisirs des secteurs petite enfance (0 \u00e0 3 ans), enfance (4 \u00e0 12 ans) et jeunes (12 \u00e0 18 ans).<\/li>\n<\/ul>\n<p style=\"text-align: justify;\"><strong>Sa d\u00e9marche : \u00ab Un travail concert\u00e9 \u00bb :<\/strong><\/p>\n<ul style=\"text-align: justify;\">\n<li>F\u00e9d\u00e9rer les potentialit\u00e9s des acteurs locaux (associations, municipalit\u00e9s, animateurs, famille\u2026) agissant sur les loisirs et l\u2019accueil des enfants,des jeunes (ex : commission enfance, commission jeunesse)<\/li>\n<li>Mettre en coh\u00e9rence les diff\u00e9rents dispositifs (ex : signature d\u2019un Contrat Enfance Jeunesse avec la CAF 35 et la MSA)<\/li>\n<li>Informer, conseiller, assister les acteurs dans les r\u00e9alisations des actions. (ex : \u00eatre partenaire de certains projets li\u00e9s \u00e0 l\u2019enfance et \u00e0 la jeunesse)<\/li>\n<\/ul>\n<p style=\"text-align: justify;\"><strong>Sa composition :\u00ab Un bureau, un Comit\u00e9 Syndical, des agents \u00bb :<\/strong><\/p>\n<ul style=\"text-align: justify;\">\n<li>Un bureau compos\u00e9 de 6 \u00e9lus des 6 communes partenaires<\/li>\n<li>Un Comit\u00e9 Syndical constitu\u00e9 de 15 \u00e9lus des 6 communes partenaires<\/li>\n<\/ul>\n<p>&nbsp;<\/p>\n","protected":false},"excerpt":{"rendered":"<p>SIVU ANIM&rsquo;6 Boulevard Tristan Corbi\u00e8re 35190 Tint\u00e9niac En 2005, les communes de H\u00e9d\u00e9, La Baussaine, Saint Domineuc, Saint Thual, Qu\u00e9briac et Tint\u00e9niac ont cr\u00e9\u00e9 un Syndicat Intercommunal \u00e0 Vocation Unique\u2026<\/p>\n<p class=\"continue-reading-button\"> <a class=\"continue-reading-link\" href=\"https:\/\/quebriac.fr\/webcommune\/?page_id=5458\">La suite&#8230;<i class=\"crycon-right-dir\"><\/i><\/a><\/p>\n","protected":false},"author":1,"featured_media":0,"parent":0,"menu_order":0,"comment_status":"closed","ping_status":"closed","template":"","meta":{"footnotes":""},"class_list":["post-5458","page","type-page","status-publish","hentry"],"_links":{"self":[{"href":"https:\/\/quebriac.fr\/webcommune\/index.php?rest_route=\/wp\/v2\/pages\/5458"}],"collection":[{"href":"https:\/\/quebriac.fr\/webcommune\/index.php?rest_route=\/wp\/v2\/pages"}],"about":[{"href":"https:\/\/quebriac.fr\/webcommune\/index.php?rest_route=\/wp\/v2\/types\/page"}],"author":[{"embeddable":true,"href":"https:\/\/quebriac.fr\/webcommune\/index.php?rest_route=\/wp\/v2\/users\/1"}],"replies":[{"embeddable":true,"href":"https:\/\/quebriac.fr\/webcommune\/index.php?rest_route=%2Fwp%2Fv2%2Fcomments&post=5458"}],"version-history":[{"count":7,"href":"https:\/\/quebriac.fr\/webcommune\/index.php?rest_route=\/wp\/v2\/pages\/5458\/revisions"}],"predecessor-version":[{"id":11124,"href":"https:\/\/quebriac.fr\/webcommune\/index.php?rest_route=\/wp\/v2\/pages\/5458\/revisions\/11124"}],"wp:attachment":[{"href":"https:\/\/quebriac.fr\/webcommune\/index.php?rest_route=%2Fwp%2Fv2%2Fmedia&parent=5458"}],"curies":[{"name":"wp","href":"https:\/\/api.w.org\/{rel}","templated":true}]}}