{"id":5637,"date":"2020-12-13T17:42:50","date_gmt":"2020-12-13T15:42:50","guid":{"rendered":"https:\/\/quebriac.fr\/webcommune\/?page_id=5637"},"modified":"2021-02-28T00:20:14","modified_gmt":"2021-02-27T22:20:14","slug":"canal-dille-et-rance","status":"publish","type":"page","link":"https:\/\/quebriac.fr\/webcommune\/?page_id=5637","title":{"rendered":"Canal d\u2019Ille-et-Rance"},"content":{"rendered":"<p style=\"text-align: justify;\">Les travaux du canal d\u2019Ille-et-Rance d\u00e9but\u00e8rent sous Napol\u00e9on 1er en 1804. Ils dur\u00e8rent 30 ans. On pouvait enfin transporter directement des marchandises du port de Saint-Malo aux ports de la c\u00f4te sud du Morbihan et de la Loire-Atlantique sans \u00eatre oblig\u00e9 d\u2019effectuer du cabotage tout le tour de la Bretagne.<\/p>\n<p style=\"text-align: justify;\"><img loading=\"lazy\" decoding=\"async\" class=\"alignnone size-full wp-image-4888\" src=\"https:\/\/quebriac.fr\/webcommune\/wp-content\/uploads\/2015\/11\/060929-002.jpg\" alt=\"\" width=\"1024\" height=\"683\" \/><\/p>\n<p style=\"text-align: justify;\">De nos jours, on ne voit plus les chevaux tirer les p\u00e9niches le long du chemin de h\u00e2lage. Les rives du canal offrent maintenant aux amoureux de la nature un circuit id\u00e9al pour se promener au fil de l\u2019eau en regardant les \u00e9clusiers manoeuvrer les grands portes de bois pour laisser passer les bateaux des plaisanciers. Lieu de pique-nique, de d\u00e9tente, de paix.<\/p>\n<p><img loading=\"lazy\" decoding=\"async\" class=\"alignnone wp-image-5696 size-full\" src=\"https:\/\/quebriac.fr\/webcommune\/wp-content\/uploads\/2021\/02\/DSC_0129.jpg\" alt=\"\" width=\"1000\" height=\"665\" \/><\/p>\n","protected":false},"excerpt":{"rendered":"<p>Les travaux du canal d\u2019Ille-et-Rance d\u00e9but\u00e8rent sous Napol\u00e9on 1er en 1804. Ils dur\u00e8rent 30 ans. On pouvait enfin transporter directement des marchandises du port de Saint-Malo aux ports de la\u2026<\/p>\n<p class=\"continue-reading-button\"> <a class=\"continue-reading-link\" href=\"https:\/\/quebriac.fr\/webcommune\/?page_id=5637\">La suite&#8230;<i class=\"crycon-right-dir\"><\/i><\/a><\/p>\n","protected":false},"author":1,"featured_media":0,"parent":0,"menu_order":0,"comment_status":"closed","ping_status":"closed","template":"","meta":{"footnotes":""},"class_list":["post-5637","page","type-page","status-publish","hentry"],"_links":{"self":[{"href":"https:\/\/quebriac.fr\/webcommune\/index.php?rest_route=\/wp\/v2\/pages\/5637"}],"collection":[{"href":"https:\/\/quebriac.fr\/webcommune\/index.php?rest_route=\/wp\/v2\/pages"}],"about":[{"href":"https:\/\/quebriac.fr\/webcommune\/index.php?rest_route=\/wp\/v2\/types\/page"}],"author":[{"embeddable":true,"href":"https:\/\/quebriac.fr\/webcommune\/index.php?rest_route=\/wp\/v2\/users\/1"}],"replies":[{"embeddable":true,"href":"https:\/\/quebriac.fr\/webcommune\/index.php?rest_route=%2Fwp%2Fv2%2Fcomments&post=5637"}],"version-history":[{"count":4,"href":"https:\/\/quebriac.fr\/webcommune\/index.php?rest_route=\/wp\/v2\/pages\/5637\/revisions"}],"predecessor-version":[{"id":5911,"href":"https:\/\/quebriac.fr\/webcommune\/index.php?rest_route=\/wp\/v2\/pages\/5637\/revisions\/5911"}],"wp:attachment":[{"href":"https:\/\/quebriac.fr\/webcommune\/index.php?rest_route=%2Fwp%2Fv2%2Fmedia&parent=5637"}],"curies":[{"name":"wp","href":"https:\/\/api.w.org\/{rel}","templated":true}]}}