{"id":6655,"date":"2021-07-06T13:12:19","date_gmt":"2021-07-06T11:12:19","guid":{"rendered":"https:\/\/quebriac.fr\/webcommune\/?page_id=6655"},"modified":"2025-03-11T19:17:11","modified_gmt":"2025-03-11T17:17:11","slug":"mobilite","status":"publish","type":"page","link":"https:\/\/quebriac.fr\/webcommune\/?page_id=6655","title":{"rendered":"Mobilit\u00e9"},"content":{"rendered":"<p><a href=\"https:\/\/quebriac.fr\/webcommune\/wp-content\/uploads\/2021\/09\/guide_mobilite_Bretagne_romantique.pdf\" target=\"_blank\" rel=\"noopener noreferrer\">Guide de La Mobilit\u00e9 Bretagne Romantique<\/a><\/p>\n<p><strong>En co-voiturage :<br \/>\n<\/strong><\/p>\n<p>Le co-voiturage est une mani\u00e8re \u00e9conomique, \u00e9cologique et tr\u00e8s sympathique de se d\u00e9placer. Au quotidien, le co-voiturage peut \u00eatre une solution aux probl\u00e8mes de mobilit\u00e9.<\/p>\n<p><span style=\"font-size: large;\">Que vous soyez conducteur ou passager, que vous fassiez le trajet une fois par mois une fois par semaine ou tous les jours, quelque soit votre trajet: que vous alliez \u00e0 Tint\u00e9niac, Combourg, Dinan, Rennes \u2026 que vos horaires soient fixes ou al\u00e9atoires, n&rsquo;h\u00e9sitez pas \u00e0 vous inscrire: plus le nombre d&rsquo;inscrits est important , plus il y a de chance de trouver un conducteur ou passager.<\/span><\/p>\n<p>Co-voiturage avec <a href=\"https:\/\/ehop.bzh\/\" target=\"_blank\" rel=\"noopener noreferrer\">Ehop<\/a> et <a href=\"https:\/\/www.ouestgo.fr\/\" target=\"_blank\" rel=\"noopener noreferrer\">Ouestgo<\/a><\/p>\n<p><strong>En car BreizhGo :<br \/>\n<\/strong><\/p>\n<p><span style=\"font-size: large;\">Les lignes 8a et 8b desservent Tint\u00e9niac et St Domineuc et proposent des trajets vers Rennes et St Malo<\/span><\/p>\n<p><span style=\"font-size: large;\">Avec les 20 allers-retours par jour et les 6 arr\u00eats situ\u00e9s dans Rennes , il est facile de rejoindre la capitale bretonne en 40 minutes sans contrainte de stationnement, en finissant sa nuit, en lisant un livre ou en surfant sur son portable.<\/span><\/p>\n<p><span style=\"font-size: large;\">Les cars du samedi permettent le shopping en ville et le car du dimanche permet de rejoindre son lieu d&rsquo;\u00e9tudes.<\/span><\/p>\n<p><span style=\"font-size: large;\">Les tarifs sont tr\u00e8s abordable: l&rsquo;abonnement mensuel pour un salari\u00e9 adulte ne revient qu&rsquo;a 25\u20ac ( subvention de 50% par l&#8217;employeur) demi-tarif pour les moins de 26 ans , gratuit\u00e9 pour les moins de 12 ans,<\/span><\/p>\n<p><a href=\"https:\/\/www.breizhgo.bzh\/sites\/default\/files\/inline-files\/horaires-ille-et-vilaine-ligne8a.pdf\" target=\"_blank\" rel=\"noopener noreferrer\">Horaires de la ligne 8a BreizhGo Mesnil Roc\u2019h \/Tint\u00e9niac\/ Rennes<\/a><\/p>\n<p><a href=\"https:\/\/www.breizhgo.bzh\/sites\/default\/files\/inline-files\/horaires-ille-et-vilaine-ligne8b_1.pdf\" target=\"_blank\" rel=\"noopener\"><span style=\"font-size: large;\"><i>Horaires 8b Tint\u00e9niac \u2013 St Malo<\/i><\/span><\/a><\/p>\n<p><a href=\"https:\/\/www.breizhgo.bzh\/tarifs-cars\" target=\"_blank\" rel=\"noopener noreferrer\"><span style=\"font-size: large;\"><i>Tarif Breizhgo <\/i><\/span><\/a><\/p>\n<p><strong><span style=\"font-size: large;\">En car scolaires (ouvert \u00e0 tous si places disponibles)<\/span><\/strong><\/p>\n<p><span style=\"font-size: large;\">La commune est desservie par 4 lignes de car solaires sillonnant Qu\u00e9briac et desservent les \u00e9tablissement scolaires:<\/span><\/p>\n<ul>\n<li><span style=\"font-size: large;\">Notre \u00e9cole primaire: l&rsquo;\u00e9cole de la Libert\u00e9<\/span><\/li>\n<li><span style=\"font-size: large;\">L&rsquo;\u00e9cole primaire priv\u00e9e de Tint\u00e9niac <\/span><\/li>\n<li><span style=\"font-size: large;\">Les coll\u00e8ges publics et priv\u00e9s de Tint\u00e9niac <\/span><\/li>\n<li><span style=\"font-size: large;\">Le Lyc\u00e9e de Combourg <\/span><\/li>\n<li><span style=\"font-size: large;\">Le Lyc\u00e9e priv\u00e9e de St Gr\u00e9goire<\/span><\/li>\n<\/ul>\n<p>Les usagers non scolaires et donc notamment les adultes peuvent \u00eatre admis sur les circuits sp\u00e9cifiques scolaires sous r\u00e9serve des places disponibles en s\u2019acquittant d\u2019un titre commercial<br \/>\nsur r\u00e9servation pr\u00e9alable aupr\u00e8s de la Direction des Transports et des Mobilit\u00e9s ( \u00e0 l\u2019adresse ci-dessous ou via la messagerie <a href=\"mailto:antennederennes.transports@bretagne.bzh\">antennederennes.transports@bretagne.bzh<\/a>) l&rsquo;abonnement est pour une dur\u00e9e d&rsquo;un mois minimum<\/p>\n<p><a href=\"https:\/\/www.google.com\/maps\/d\/viewer?mid=11Vut_W81dk8S3sSrWbZaqck127-HjtTy&amp;usp=sharing\" target=\"_blank\" rel=\"noopener noreferrer\">La carte des circuits scolaires<\/a><\/p>\n<p><a href=\"https:\/\/quebriac.fr\/webcommune\/wp-content\/uploads\/2022\/09\/horaires_cars.pdf\" target=\"_blank\" rel=\"noopener noreferrer\">Les horaires des circuits scolaires<\/a><\/p>\n<p><a href=\"https:\/\/bretagneromantique.fr\/navettes-estivales-gratuites\/\" target=\"_blank\" rel=\"noopener noreferrer\">Navettes estivales de la Bretagne Romantique<\/a><\/p>\n<p><a href=\"https:\/\/navettes.bretagneromantique.fr\/4-lignes\/\" target=\"_blank\" rel=\"noopener noreferrer\">Lignes et horaires<\/a><\/p>\n","protected":false},"excerpt":{"rendered":"<p>Guide de La Mobilit\u00e9 Bretagne Romantique En co-voiturage : Le co-voiturage est une mani\u00e8re \u00e9conomique, \u00e9cologique et tr\u00e8s sympathique de se d\u00e9placer. Au quotidien, le co-voiturage peut \u00eatre une solution\u2026<\/p>\n<p class=\"continue-reading-button\"> <a class=\"continue-reading-link\" href=\"https:\/\/quebriac.fr\/webcommune\/?page_id=6655\">La suite&#8230;<i class=\"crycon-right-dir\"><\/i><\/a><\/p>\n","protected":false},"author":1,"featured_media":0,"parent":0,"menu_order":0,"comment_status":"closed","ping_status":"closed","template":"","meta":{"footnotes":""},"class_list":["post-6655","page","type-page","status-publish","hentry"],"_links":{"self":[{"href":"https:\/\/quebriac.fr\/webcommune\/index.php?rest_route=\/wp\/v2\/pages\/6655"}],"collection":[{"href":"https:\/\/quebriac.fr\/webcommune\/index.php?rest_route=\/wp\/v2\/pages"}],"about":[{"href":"https:\/\/quebriac.fr\/webcommune\/index.php?rest_route=\/wp\/v2\/types\/page"}],"author":[{"embeddable":true,"href":"https:\/\/quebriac.fr\/webcommune\/index.php?rest_route=\/wp\/v2\/users\/1"}],"replies":[{"embeddable":true,"href":"https:\/\/quebriac.fr\/webcommune\/index.php?rest_route=%2Fwp%2Fv2%2Fcomments&post=6655"}],"version-history":[{"count":25,"href":"https:\/\/quebriac.fr\/webcommune\/index.php?rest_route=\/wp\/v2\/pages\/6655\/revisions"}],"predecessor-version":[{"id":11600,"href":"https:\/\/quebriac.fr\/webcommune\/index.php?rest_route=\/wp\/v2\/pages\/6655\/revisions\/11600"}],"wp:attachment":[{"href":"https:\/\/quebriac.fr\/webcommune\/index.php?rest_route=%2Fwp%2Fv2%2Fmedia&parent=6655"}],"curies":[{"name":"wp","href":"https:\/\/api.w.org\/{rel}","templated":true}]}}