{"id":67,"date":"2020-10-04T15:44:45","date_gmt":"2020-10-04T13:44:45","guid":{"rendered":"https:\/\/quebriac.fr\/webcommune\/?page_id=67"},"modified":"2026-04-02T12:28:27","modified_gmt":"2026-04-02T10:28:27","slug":"vie-associative","status":"publish","type":"page","link":"https:\/\/quebriac.fr\/webcommune\/?page_id=67","title":{"rendered":"Vie associative"},"content":{"rendered":"<p><a href=\"https:\/\/quebriac.fr\/webcommune\/wp-content\/uploads\/2024\/12\/Protocole-attribution-2025.pdf\" target=\"_blank\" rel=\"noopener\">Protocole d\u2019attribution des subventions aux associations<\/a><\/p>\n<p><a href=\"https:\/\/quebriac.fr\/webcommune\/wp-content\/uploads\/2025\/12\/DEMANDE-SUBVENTION-2026-1.pdf\" target=\"_blank\" rel=\"noopener\">DEMANDE-SUBVENTION-2026<\/a><\/p>\n<p><a href=\"https:\/\/quebriac.fr\/webcommune\/wp-content\/uploads\/2025\/12\/Demande-de-subventions-exceptionnelles-2026.pdf\" target=\"_blank\" rel=\"noopener\">Demande de subventions exceptionnelles 2026<\/a><\/p>\n<h1>Qu\u00e9bri Ya&rsquo; Quoi<\/h1>\n<p><strong>Accompagner et soutenir les initiatives locales<\/strong><\/p>\n<p><img loading=\"lazy\" decoding=\"async\" class=\"wp-image-10664 size-thumbnail alignleft\" src=\"https:\/\/quebriac.fr\/webcommune\/wp-content\/uploads\/2024\/04\/quebriyaquoi-150x150.jpg\" alt=\"\" width=\"150\" height=\"150\" srcset=\"https:\/\/quebriac.fr\/webcommune\/wp-content\/uploads\/2024\/04\/quebriyaquoi-150x150.jpg 150w, https:\/\/quebriac.fr\/webcommune\/wp-content\/uploads\/2024\/04\/quebriyaquoi-300x300.jpg 300w, https:\/\/quebriac.fr\/webcommune\/wp-content\/uploads\/2024\/04\/quebriyaquoi.jpg 480w\" sizes=\"(max-width: 150px) 100vw, 150px\" \/>Vous avez une id\u00e9e de projet \u00e0 r\u00e9aliser sur la commune\u2026 et vous ne souhaitez pas pour l\u2019instant monter une association.<br \/>\nAlors, quel que soit votre \u00e2ge, l\u2019Association Citoyenne Qu\u00e9bri \u2018Ya\u2019 Quoi* peut vous aider \u00e0 la concr\u00e9tiser.<br \/>\nGr\u00e2ce \u00e0 son collectif d\u2019adh\u00e9rents, Qu\u00e9bri \u2018Ya\u2019 Quoi permet l\u2019entraide, la mise en relation et le coup de pouce en suivant le principe d\u2019un pot commun pour collecter et redistribuer l\u2019argent issu des diverses initiatives dans une logique de solidarit\u00e9 et d\u2019interrelation entre les projets.<br \/>\nPour plus d\u2019informations sur les actions en cours ou pour nous rejoindre, n\u2019h\u00e9sitez pas \u00e0 contacter Qu\u00e9bri \u2018Ya\u2019 Quoi via<\/p>\n<p><a href=\"https:\/\/www.helloasso.com\/associations\/quebri-ya-quoi\" target=\"_blank\" rel=\"noopener\">https:\/\/www.helloasso.com\/associations\/quebri-ya-quoi<\/a><\/p>\n<p><a href=\"mailto:quebriyaquoi@proton.me\">quebriyaquoi@proton.me<\/a><\/p>\n<h1>Entente Qu\u00e9briacoise<\/h1>\n<p class=\"ox-76615bee39-gmail-MsoBodyText\">Cette association a pour but d\u2019animer et de coordonner les diff\u00e9rentes associations communales existantes et \u00e0 venir, organiser des manifestations culturelles, sportives et associatives. Notre mission est de cr\u00e9er du lien, soutenir l\u2019ensemble des b\u00e9n\u00e9voles et les projets des associations communales<\/p>\n<p class=\"ox-76615bee39-gmail-MsoBodyText\">Le travail des membres du bureau de l\u2019Entente Qu\u00e9briacoise permet \u00e9galement de faire le lien entre les diff\u00e9rentes associations et la mairie.<\/p>\n<p>quebentente@gmail.com<\/p>\n<h1>QUEB&rsquo;RANDO<\/h1>\n<p><img loading=\"lazy\" decoding=\"async\" class=\"alignleft wp-image-4130\" src=\"https:\/\/quebriac.fr\/webcommune\/wp-content\/uploads\/2015\/11\/queb-rando.png\" alt=\"\" width=\"255\" height=\"98\" \/><\/p>\n<p class=\"spip\">L\u2019association a pour but de r\u00e9pertorier, de r\u00e9habiliter et d\u2019entretenir les chemins communaux. Elle organise \u00e9galement des randonn\u00e9es (p\u00e9destres, \u00e9questres et v\u00e9t\u00e9tistes). Des cartes d\u2019adh\u00e9sions familiale ou individuelle sont propos\u00e9es.<\/p>\n<p class=\"spip\">Pour tous renseignements contacter :<\/p>\n<ul>\n<li class=\"spip\"><a href=\"mailto:assoquebrando@gmail.com\">Pr\u00e9sident : Monsieur Simon HINGAMP\u00a0 \u00a0 \u00a0 assoquebrando@gmail.com<\/a><\/li>\n<li><a href=\"https:\/\/www.facebook.com\/assoquebrando\/\" target=\"_blank\" rel=\"noopener noreferrer\"><strong> \u21d2<\/strong> Info Queb Rando<\/a><\/li>\n<li>Site internet : <a href=\"https:\/\/www.quebrando.fr\" target=\"_blank\" rel=\"noopener\">https:\/\/www.quebrando.fr<\/a><\/li>\n<li class=\"spip\">Dans le rubrique \u00ab\u00a0D\u00e9couvrir Qu\u00e9briac\u00a0\u00bb\u00a0 voir les \u00ab\u00a0Circuits de Randonn\u00e9e\u00a0\u00bb<\/li>\n<\/ul>\n<h1>Etoile Sportive Qu\u00e9briacoise<\/h1>\n<p><img loading=\"lazy\" decoding=\"async\" class=\"alignleft wp-image-4128\" src=\"https:\/\/quebriac.fr\/webcommune\/wp-content\/uploads\/2015\/11\/esq.jpg\" alt=\"\" width=\"99\" height=\"118\" \/><\/p>\n<p>Adresse et contact club : Pr\u00e9sident : Mr Jean-Luc CLOLUS<\/p>\n<p>Secr\u00e9taire :Marie-Andr\u00e9e Lardoux : 06 68 48 84 62<\/p>\n<p>Tr\u00e9sorier : Matthieu MAHIER<\/p>\n<ul>\n<li>mail : esquebriac35@gmail.com<\/li>\n<li><a href=\"https:\/\/fr-fr.facebook.com\/esquebriac\/\" target=\"_blank\" rel=\"noopener noreferrer\">ESQ facebook<\/a><\/li>\n<\/ul>\n<p>Site Internet : <a href=\"http:\/\/es-quebriac.footeo.com\/\" target=\"_blank\" rel=\"noopener noreferrer\">http:\/\/es-quebriac.footeo.com\/<\/a><\/p>\n<h1>Cercle d\u2019Ille et Rance<\/h1>\n<p><img loading=\"lazy\" decoding=\"async\" class=\"alignleft wp-image-4126\" src=\"https:\/\/quebriac.fr\/webcommune\/wp-content\/uploads\/2015\/11\/cercle.jpg\" alt=\"\" width=\"121\" height=\"103\" \/><\/p>\n<div id=\"rub-text\">\n<p>Le Cercle Ille-et-Rance propose des activit\u00e9s multig\u00e9n\u00e9rationnelles de danse, de couture, de broderie et \u00e0 c\u0153ur de mettre en valeur la culture et la tradition gall\u00e8se et bretonne.<\/p>\n<p>&nbsp;<\/p>\n<\/div>\n<p><strong>Cours de Danse Bretonne <\/strong><\/p>\n<p>Salle de la Nouasse \u201315 rue de la Libert\u00e9 \u00e0 Qu\u00e9briac<\/p>\n<p class=\"NoSpacing\"><b>COURS ENFANTS \u2013 \u00e0 partir de 4 ans<\/b><\/p>\n<p class=\"NoSpacing\">Chaque vendredi \u00e0 17h<\/p>\n<p class=\"NoSpacing\"><b>COURS ADOS <\/b><\/p>\n<p class=\"NoSpacing\">Chaque vendredi \u00e0 18h30<\/p>\n<p class=\"NoSpacing\"><b>\u00a0<\/b><b>COURS DANSE LOISIRS ADULTES <\/b><\/p>\n<p class=\"NoSpacing\">Chaque vendredi \u00e0 20h30<\/p>\n<div id=\"rub-text\">\n<p class=\"spip\">Pour tous renseignement contactez :<\/p>\n<ul>\n<li class=\"spip\">Catherine PORTIER : 06 84 61 95 47<\/li>\n<li><a href=\"mailto:cerclequebriac35@gmail.com\" target=\"_blank\" rel=\"noopener noreferrer\">cerclequebriac35@gmail.com<\/a><\/li>\n<li><a href=\"https:\/\/www.facebook.com\/pg\/cerclequebriac35\/posts\/\" target=\"_blank\" rel=\"noopener noreferrer\">facebook Cercle d&rsquo;Ille et Rance<\/a><\/li>\n<\/ul>\n<\/div>\n<h1>Badaboum<\/h1>\n<h6>En sommeil&#8230;&#8230;.<\/h6>\n<p><strong>BADABOUM (pour les enfants de moins de 3 ans)<\/strong><\/p>\n<p>C\u2019est un lieu qui a pour but de favoriser l\u2019\u00e9veil et la socialisation des jeunes enfants. Les enfants pourront d\u00e9couvrir des jouets et des jeux nouveaux qui seront mis \u00e0 leur disposition, et d\u2019autre part, une animatrice proposera des temps d\u2019activit\u00e9s adapt\u00e9s \u00e0 leurs \u00e2ges : motricit\u00e9, \u00e9veil musical, comptines,&#8230;.<\/p>\n<p>Ce lieu permettra \u00e9galement aux adultes de se rencontrer, d\u2019\u00e9changer et de s\u2019informer sur la Petite enfance (exposition, soir\u00e9es d\u00e9bat,&#8230;.).<\/p>\n<p>L\u2019espace jeux est ouvert tous les lundis matins, de 9 heures \u00e0 11 h 45 dans les locaux de l\u2019Halte-garderie TRAMPOLINE.<\/p>\n<p>Pour tous renseignements : <a href=\"mailto:badaboumquebriac@gmail.com\">badaboumquebriac@gmail.com<\/a><\/p>\n<h1>Courir \u00e0 TINTENIAC-QUEBRIAC<\/h1>\n<p>Comme son nom l\u2019indique, cette association navigue sur les 2 communes, mais en courant.<\/p>\n<p>Pr\u00e9sident : Mr REMOND St\u00e9phane, 49 avenue f\u00e9licit\u00e9 lamenais<br \/>\n35190 TINTENIAC<\/p>\n<p>T\u00e9l : 06.85.67.46.88<\/p>\n<p>Email : stef.remond@laposte.net<\/p>\n<h1>Amicale des Parents d&rsquo;\u00c9l\u00e8ves<\/h1>\n<p>L\u2019association permet, durant l\u2019ann\u00e9e scolaire, d\u2019organiser des manifestations au vu de r\u00e9colter des fonds qui aident \u00e0 financer les projets d\u2019\u00e9cole.<\/p>\n<p>Contacts<\/p>\n<p>Pr\u00e9sidente : St\u00e9phanie Gaslain<\/p>\n<p>Vice-pr\u00e9sident : Gildas Beauto<\/p>\n<p>Vice-pr\u00e9sidente : Carine Eloy-Guittot<\/p>\n<p>Tr\u00e9sorier : Yann Levrel<\/p>\n<p>Secr\u00e9taire : Lucile Boussard<\/p>\n<p>Secr\u00e9taire adjoint : Jonathan Cordier<\/p>\n<p><strong>\u21d2 <\/strong><a href=\"https:\/\/fr-fr.facebook.com\/APE-qu%C3%A9briac-1628693627360739\/\" target=\"_blank\" rel=\"noopener noreferrer\">Info APE <\/a><\/p>\n<p>apequebriac35@gmail.com<\/p>\n<h1>No\u00ebl \u00e0 l\u2019Ormel<\/h1>\n<p>La cr\u00e8che de l\u2019Ormel fait partie du paysage de No\u00ebl \u00e0 Qu\u00e9briac depuis maintenant l&rsquo;an 2000. C\u2019est devenu un lieu de promenade, lieu de rencontre des passants dans ce quartier, qui appr\u00e9cient la beaut\u00e9, la diversit\u00e9 et la qualit\u00e9 du travail r\u00e9alis\u00e9.<\/p>\n<p>A l\u2019origine compos\u00e9e uniquement de la partie centrale, elle s\u2019est \u00e9toff\u00e9e au fil des ans pour disposer d\u2019une ferme, d\u2019une \u00e9cole, d\u2019une \u00e9glise, d\u2019une mairie, d\u2019un garage, d\u2019un forgeron, d\u2019un march\u00e9 de no\u00ebl, du bar de l\u2019Ormel, etc&#8230;. L\u2019espace est aujourd\u2019hui bien rempli.<\/p>\n<p>Cette cr\u00e8che s\u2019est faite sous le signe de la rencontre avec une personne qui fabriquait des poup\u00e9es.<br \/>\nLa cr\u00e8che m\u00e9rite pleinement son nom car si d\u2019une part, elle est implant\u00e9e au lieu dit de \u00a0\u00bb la Croix de l\u2019Ormel \u00ab\u00a0, elle est r\u00e9alis\u00e9e par les habitants du quartier (et m\u00eame un peu plus loin).<\/p>\n<p><em>Pr\u00e9sidente : Madame Marie-Madeleine BERHAULT<\/em><\/p>\n<p><a href=\"https:\/\/www.youtube.com\/watch?v=EybWG-54_EU&amp;feature=youtu.be\" target=\"_blank\" rel=\"noopener noreferrer\">\u21d2Cr\u00e8che de No\u00ebl de Qu\u00e9briac &#8211; Youtube<\/a><\/p>\n<p><em>Contact : Madame Chantal JUHEL : 02 99 68 11 65<\/em><\/p>\n<h1>Au Bois des Ludes<\/h1>\n<p><img loading=\"lazy\" decoding=\"async\" class=\"alignleft wp-image-4131\" src=\"https:\/\/quebriac.fr\/webcommune\/wp-content\/uploads\/2015\/11\/au-bois-des-ludes.jpg\" alt=\"\" width=\"127\" height=\"119\" \/><\/p>\n<p class=\"spip\">Notre vocation : vous faire d\u00e9couvrir et appr\u00e9cier la diversit\u00e9, la qualit\u00e9 et l\u2019originalit\u00e9 du patrimoine ludique.<\/p>\n<p>Notre ambition : vous faire jouer, parce que jouer ensemble, c\u2019est cr\u00e9er du lien.<\/p>\n<p>Pour ce faire, nous vous proposons des apr\u00e8s-midi ludiques, des soir\u00e9es-jeux, les Mercreludis (temps de jeu libre en famille), la location de jeux de table et de jeux surdimensionn\u00e9s pour toutes occasions particuli\u00e8res (f\u00eates de famille, f\u00eates d\u2019\u00e9coles, anniversaires&#8230;).<\/p>\n<p>Et pour tous renseignements, contactez-nous au 02.99.23.05.53 ou sur notre site : <a href=\"http:\/\/www.auboisdesludes.com\/\" target=\"_blank\" rel=\"noopener noreferrer\">www.auboisdesludes.com<\/a><\/p>\n<h1>Association Qu\u00e9briac &#8211; Marpod<\/h1>\n<div id=\"rub-text\">\n<p class=\"spip\">La commune de QUEBRIAC est jumel\u00e9e avec MARPOD, une commune Roumaine.<\/p>\n<p class=\"spip\">L\u2019association a pour but d\u2019aider nos amis roumains \u00e0 d\u00e9velopper des projets et permettre \u00e9galement d\u2019organiser des \u00e9changes culturels et des stages.<\/p>\n<p class=\"spip\">L\u2019association est ouverte \u00e0 tous.<\/p>\n<p class=\"spip\">Pour tous renseignements contactez :<\/p>\n<ul>\n<li class=\"spip\"><em>Monsieur BOISSIER Patrick au 02.99.68.12.22<\/em><\/li>\n<li class=\"spip\"><em>Madame MARION Annick au 02.99.68.02.75<\/em><\/li>\n<\/ul>\n<\/div>\n<h1>Les Archers de la Bretagne Romantique<\/h1>\n<div id=\"rub-text\">\n<p><a href=\"https:\/\/www.facebook.com\/archersdelaBretagneromantique\" target=\"_blank\" rel=\"noopener noreferrer\">Les Archers de la Bretagne Romantique<\/a><\/p>\n<p class=\"spip\">\n<\/div>\n<h1>ACCA<\/h1>\n<p class=\"spip\">Association regroupant les chasseurs de la commune.<\/p>\n<p class=\"spip\">Pour tous renseignements contactez : Monsieur David ROCHEFORT<em> (Pr\u00e9sident)<br \/>\n<\/em><\/p>\n<h1>Ensemble contre la MUCO<\/h1>\n<div id=\"rub-text\">\n<p class=\"spip\">L\u2019association permet d\u2019organiser des manifestations destin\u00e9es \u00e0 r\u00e9colter des fonds au profit de la lutte contre la mucoviscidose.<\/p>\n<p class=\"spip\">Pour tous renseignements contactez :<\/p>\n<ul>\n<li class=\"spip\"><em>Monsieur LEBULANGER Michel au : 09.51.60.73.66<\/em><\/li>\n<li class=\"spip\"><em>Ensemble Contre la Muco : ecm.quebriac@free.fr<\/em><\/li>\n<\/ul>\n<\/div>\n<h1>Comit\u00e9 des F\u00eates du Grand Bois<\/h1>\n<ul>\n<li><em>Madame Virginie Lema\u00eetre : 06 33 76 66 11<\/em><\/li>\n<\/ul>\n<h1>Club des Retrait\u00e9s<\/h1>\n<p class=\"spip\">Le club permet \u00e0 des retrait\u00e9s de se r\u00e9unir, tous les mardis apr\u00e8s midi \u00e0 partir de 14 heures, autour d\u2019activit\u00e9s diverses et des sorties d\u2019une journ\u00e9e ou plus.<\/p>\n<p class=\"spip\">Pour tous renseignements contactez :<\/p>\n<ul>\n<li class=\"spip\"><em>Monsieur Jean GUILLEMER : 02 99 68 06 79<\/em><\/li>\n<li><em>Madame Michelle LARDOUX : 02 99 68 08 81<\/em><\/li>\n<\/ul>\n<h1>Association d\u2019\u00c9tudes Historiques du Canton de H\u00e9d\u00e9<\/h1>\n<div id=\"rub-text\">\n<p class=\"spip\">L\u2019association a pour but d\u2019\u00e9tudier et de faire conna\u00eetre le patrimoine historique des communes du canton. Les diff\u00e9rents travaux de recherche permettent ainsi de publier des ouvrages tels que : A la d\u00e9couverte du canton de H\u00e9d\u00e9, les banni\u00e8res paroissiales, Croix et Calvaires, les comices agricoles, le Certificat d\u2019 Etudes Primaires.<\/p>\n<p class=\"spip\">L\u2019association est ouverte \u00e0 toute personne s\u2019int\u00e9ressant \u00e0 l\u2019histoire sans comp\u00e9tence particuli\u00e8re.<\/p>\n<p class=\"spip\">Pour tous renseignements contacter :<\/p>\n<ul>\n<li class=\"spip\"><em>Monsieur et Madame DUCASSE au 02.99.45.01.41<\/em><\/li>\n<li class=\"spip\"><em>\u00a0Madame DES FRANCS au 02.99.68.02.06<\/em><\/li>\n<\/ul>\n<\/div>\n<h1>ACPG-CATM<\/h1>\n<p class=\"spip\">Association regroupant les anciens combattants de la commune.<\/p>\n<p class=\"spip\">Pour tous renseignement contactez : <em>Monsieur CHANTEUX<br \/>\n<\/em><\/p>\n<h1>Comit\u00e9 de jumelage de Tint\u00e9niac et du pays de la Donac<\/h1>\n<p>Notre association \u00e9tend ses activit\u00e9s sur 3 communes : Tint\u00e9niac, Qu\u00e9briac et Saint Domineuc. Elles sont jumel\u00e9es avec les villages de Redgrave, Botesdale et Rickinghall (Angleterre) depuis 1993 et la ville de Bersenbr\u00fcck (Allemagne) depuis 2000.<\/p>\n<p><em>Pr\u00e9sident : Mr Lo\u00efc Fretay<\/em><\/p>\n<ul>\n<li>contact : l.fretay@orange.fr<\/li>\n<\/ul>\n<p>Site internet : <a href=\"http:\/\/www.jumelage-tinteniac-donac.org\">www.jumelage-tinteniac-donac.org<\/a><\/p>\n<h2>Migrants Bretagne romantique-QMS<\/h2>\n<p>Notre association met en place des actions en faveur des migrants sur le territoire de la Bretagne Romantique :<\/p>\n<ul>\n<li>Actions humanitaires en continuant l\u2019aide aux familles en termes d\u2019acc\u00e8s aux soins, \u00e0 l\u2019\u00e9ducation au logement, au transport\u2026<\/li>\n<li>Actions politiques, en d\u00e9fendant le droit aux migrants \u00e0 rester et \u00e0 faire leur vie sur le territoire fran\u00e7ais, en intervenant aupr\u00e8s de la pr\u00e9fecture, des \u00e9lus. Nous avons particip\u00e9 \u00e0 l\u2019organisation de la manifestation rennaise en faveur des migrants en septembre 2015 avec des associations tels qu\u2019Emma\u00fcs ou le secours catholique.<\/li>\n<\/ul>\n<p>Pour tout contact : <a href=\"mailto:quebriacmigrantssolidarite@gmail.com\">quebriacmigrantssolidarite@gmail.com<\/a><\/p>\n<p>&nbsp;<\/p>\n<h1>Cerf Volant Club de France (CVCF)<\/h1>\n<p><span style=\"font-family: Arial,Helvetica;\">Le CVCF encourage les cerfs-volistes \u00e0 fabriquer eux-m\u00eames leurs cerfs-volants et \u00e0 cr\u00e9er de nouveaux mod\u00e8les. De nombreux membres du Club organisent b\u00e9n\u00e9volement des <\/span><span style=\"font-family: Arial,Helvetica;\"><b>ateliers de construction<\/b><\/span><span style=\"font-family: Arial,Helvetica;\"> en milieu associatif et scolaire.<br \/>\n<\/span><\/p>\n<p><span style=\"font-family: Arial,Helvetica;\">D\u2019une mani\u00e8re g\u00e9n\u00e9rale, notre Club \u0153uvre pour un cerf-volisme convivial, activit\u00e9 de plein air en harmonie avec la nature.<\/span><\/p>\n<p>Nous contacter : secretaire.cvcf@gmail.com) &#8211; sur notre site web : <a href=\"http:\/\/cvcf.info\/\" target=\"_blank\" rel=\"noopener noreferrer\">http:\/\/cvcf.info\/<\/a><\/p>\n<ul>\n<li class=\"spip\"><em>Madame LEBOURGEOIS Claudine<\/em><\/li>\n<\/ul>\n<h1 style=\"text-align: justify;\">Le Ruisseau de Tanouarn.<\/h1>\n<p style=\"text-align: justify;\">Elle se donne comme objectif d&rsquo;organiser des manifestations sportives sur le territoire de la commune, notamment des manifestations caritatives, tout en favorisant le lien interg\u00e9n\u00e9rationnel. <b>\u00ab On souhaite mettre en valeur le patrimoine de la commune, en particulier les chemins et sentiers de Qu\u00e9briac \u00bb.<\/b><\/p>\n<p style=\"text-align: justify;\">site web : <a href=\"http:\/\/trailduclochertors.fr\/\" target=\"_blank\" rel=\"noopener noreferrer\">http:\/\/trailduclochertors.fr\/<\/a><\/p>\n<ul>\n<li style=\"text-align: justify;\">Pr\u00e9sident Vincent Germain : 02 99 23 07 59<\/li>\n<li style=\"text-align: justify;\">Olivier Lebreton, vice-pr\u00e9sident<\/li>\n<li style=\"text-align: justify;\">Pierre Jehannin, tr\u00e9sorier<\/li>\n<\/ul>\n<h1><span style=\"color: #46a9c2;\">UNC<\/span><\/h1>\n<p><strong>Union Nationale des Combattants de Qu\u00e9briac<\/strong><\/p>\n<p><img loading=\"lazy\" decoding=\"async\" class=\"alignleft wp-image-6691\" src=\"https:\/\/quebriac.fr\/webcommune\/wp-content\/uploads\/2021\/07\/39F3D5C6A51B49179E4AE2ED53083296.jpg\" alt=\"\" width=\"146\" height=\"138\" srcset=\"https:\/\/quebriac.fr\/webcommune\/wp-content\/uploads\/2021\/07\/39F3D5C6A51B49179E4AE2ED53083296.jpg 338w, https:\/\/quebriac.fr\/webcommune\/wp-content\/uploads\/2021\/07\/39F3D5C6A51B49179E4AE2ED53083296-300x283.jpg 300w, https:\/\/quebriac.fr\/webcommune\/wp-content\/uploads\/2021\/07\/39F3D5C6A51B49179E4AE2ED53083296-150x142.jpg 150w\" sizes=\"(max-width: 146px) 100vw, 146px\" \/><\/p>\n<p>&nbsp;<\/p>\n<p>&nbsp;<\/p>\n<p>&nbsp;<\/p>\n<p>&nbsp;<\/p>\n<p>&nbsp;<\/p>\n<p>Notre association a pour but d&rsquo;entretenir le souvenir des combattants morts au champ d&rsquo;honneur, d&rsquo;aider ceux qui seraient dans le besoin et d&rsquo;entretenir un lien de camaraderie, toutes les personnes qui souhaitent nous rejoindre, homme ou femme, ancien combattant, Opex, Opin, ancien du service militaire, sapeur pompier, gendarme, policier, r\u00e9serviste ou simple citoyen, tout le monde est le bienvenu, nous essayons de faire participer tout le monde.<\/p>\n<p>Nous avons une page Facebook, UNC de Qu\u00e9briac, o\u00f9 il est publi\u00e9 des faits historiques r\u00e9guli\u00e8rement.<\/p>\n<p>Contact :<\/p>\n<p>Jean Marc G\u00e9rard\u00a0 06-86-53-51-65<\/p>\n<h1 class=\"html-h1 xdj266r x14z9mp xat24cr x1lziwak xexx8yu xyri2b x18d9i69 x1c1uobl x1vvkbs x1heor9g x1qlqyl8 x1pd3egz x1a2a7pz\">Souvenir Fran\u00e7ais Bretagne Romantique<\/h1>\n<p><span class=\"x193iq5w xeuugli x13faqbe x1vvkbs x1xmvt09 x1lliihq x1s928wv xhkezso x1gmr53x x1cpjm7i x1fgarty x1943h6x xudqn12 x3x7a5m x6prxxf xvq8zen xo1l8bm xzsf02u\" dir=\"auto\"><img loading=\"lazy\" decoding=\"async\" class=\"size-full wp-image-12653 alignleft\" src=\"https:\/\/quebriac.fr\/webcommune\/wp-content\/uploads\/2025\/11\/LSF.svg_.png\" alt=\"\" width=\"200\" height=\"200\" srcset=\"https:\/\/quebriac.fr\/webcommune\/wp-content\/uploads\/2025\/11\/LSF.svg_.png 200w, https:\/\/quebriac.fr\/webcommune\/wp-content\/uploads\/2025\/11\/LSF.svg_-150x150.png 150w\" sizes=\"(max-width: 200px) 100vw, 200px\" \/>Le comit\u00e9 de la Bretagne Romantique pour la m\u00e9moire des hommes et des femmes\u00a0\u00bb Morts pour la France\u00a0\u00bb.<br class=\"html-br\" \/>militaires , victimes civiles et les personnes qui ont fait de grandes choses pour la France.<br class=\"html-br\" \/>28 communes historiques.<br class=\"html-br\" \/>Association m\u00e9morielle.<\/span><\/p>\n<p><span class=\"x193iq5w xeuugli x13faqbe x1vvkbs x1xmvt09 x1lliihq x1s928wv xhkezso x1gmr53x x1cpjm7i x1fgarty x1943h6x xudqn12 x3x7a5m x6prxxf xvq8zen xo1l8bm xzsf02u x1yc453h\" dir=\"auto\">brcsf35@gmail.com &#8211; <\/span><span class=\"x193iq5w xeuugli x13faqbe x1vvkbs x1xmvt09 x1lliihq x1s928wv xhkezso x1gmr53x x1cpjm7i x1fgarty x1943h6x xudqn12 x3x7a5m x6prxxf xvq8zen xo1l8bm xzsf02u x1yc453h\" dir=\"auto\">06 87 31 88 49<\/span><\/p>\n<p>&nbsp;<\/p>\n","protected":false},"excerpt":{"rendered":"<p>Protocole d\u2019attribution des subventions aux associations DEMANDE-SUBVENTION-2026 Demande de subventions exceptionnelles 2026 Qu\u00e9bri Ya&rsquo; Quoi Accompagner et soutenir les initiatives locales Vous avez une id\u00e9e de projet \u00e0 r\u00e9aliser sur\u2026<\/p>\n<p class=\"continue-reading-button\"> <a class=\"continue-reading-link\" href=\"https:\/\/quebriac.fr\/webcommune\/?page_id=67\">La suite&#8230;<i class=\"crycon-right-dir\"><\/i><\/a><\/p>\n","protected":false},"author":1,"featured_media":0,"parent":0,"menu_order":0,"comment_status":"closed","ping_status":"closed","template":"","meta":{"footnotes":""},"class_list":["post-67","page","type-page","status-publish","hentry"],"_links":{"self":[{"href":"https:\/\/quebriac.fr\/webcommune\/index.php?rest_route=\/wp\/v2\/pages\/67"}],"collection":[{"href":"https:\/\/quebriac.fr\/webcommune\/index.php?rest_route=\/wp\/v2\/pages"}],"about":[{"href":"https:\/\/quebriac.fr\/webcommune\/index.php?rest_route=\/wp\/v2\/types\/page"}],"author":[{"embeddable":true,"href":"https:\/\/quebriac.fr\/webcommune\/index.php?rest_route=\/wp\/v2\/users\/1"}],"replies":[{"embeddable":true,"href":"https:\/\/quebriac.fr\/webcommune\/index.php?rest_route=%2Fwp%2Fv2%2Fcomments&post=67"}],"version-history":[{"count":55,"href":"https:\/\/quebriac.fr\/webcommune\/index.php?rest_route=\/wp\/v2\/pages\/67\/revisions"}],"predecessor-version":[{"id":13135,"href":"https:\/\/quebriac.fr\/webcommune\/index.php?rest_route=\/wp\/v2\/pages\/67\/revisions\/13135"}],"wp:attachment":[{"href":"https:\/\/quebriac.fr\/webcommune\/index.php?rest_route=%2Fwp%2Fv2%2Fmedia&parent=67"}],"curies":[{"name":"wp","href":"https:\/\/api.w.org\/{rel}","templated":true}]}}